{"id":8667,"date":"2023-12-13T15:15:51","date_gmt":"2023-12-13T15:15:51","guid":{"rendered":"https:\/\/www.lomanegra.com\/?page_id=8667"},"modified":"2024-05-07T21:20:14","modified_gmt":"2024-05-07T21:20:14","slug":"programa-impulsar","status":"publish","type":"page","link":"https:\/\/www.lomanegra.com\/en\/programa-impulsar\/","title":{"rendered":"Programa Impulsar"},"content":{"rendered":"<p class=\"qtranxs-available-languages-message qtranxs-available-languages-message-en\">Sorry, this entry is only available in <a href=\"https:\/\/www.lomanegra.com\/es\/wp-json\/wp\/v2\/pages\/8667\" class=\"qtranxs-available-language-link qtranxs-available-language-link-es\" title=\"ES\">ES<\/a>. For the sake of viewer convenience, the content is shown below in the alternative language. You may click the link to switch the active language.<\/p><p>\n<div class=\"wpcf7 no-js\" id=\"wpcf7-f8666-o1\" lang=\"es-ES\" dir=\"ltr\" data-wpcf7-id=\"8666\">\n<div class=\"screen-reader-response\"><p role=\"status\" aria-live=\"polite\" aria-atomic=\"true\"><\/p> <ul><\/ul><\/div>\n<form action=\"\/en\/wp-json\/wp\/v2\/pages\/8667#wpcf7-f8666-o1\" method=\"post\" class=\"wpcf7-form init\" aria-label=\"Contact form\" novalidate=\"novalidate\" data-status=\"init\">\n<div style=\"display: none;\">\n<input type=\"hidden\" name=\"_wpcf7\" value=\"8666\" \/>\n<input type=\"hidden\" name=\"_wpcf7_version\" value=\"6.0.6\" \/>\n<input type=\"hidden\" name=\"_wpcf7_locale\" value=\"es_ES\" \/>\n<input type=\"hidden\" name=\"_wpcf7_unit_tag\" value=\"wpcf7-f8666-o1\" \/>\n<input type=\"hidden\" name=\"_wpcf7_container_post\" value=\"0\" \/>\n<input type=\"hidden\" name=\"_wpcf7_posted_data_hash\" value=\"\" \/>\n<\/div>\n<!--PASO 1-->\n<div id=\"step-datos-personales\" class=\"form-step\">\n\t<h3>Datos de la organizaci\u00f3n\n\t<\/h3>\n\t<div class=\"row\">\n\t\t<div class=\"col-12 col-md-6\">\n\t\t\t<p><label><br \/>\n1. Nombre de la organizaci\u00f3n*<br \/>\n<span class=\"wpcf7-form-control-wrap\" data-name=\"nombre-organizacion\"><input size=\"40\" maxlength=\"400\" class=\"wpcf7-form-control wpcf7-text wpcf7-validates-as-required\" aria-required=\"true\" aria-invalid=\"false\" value=\"\" type=\"text\" name=\"nombre-organizacion\" \/><\/span><br \/>\n<\/label>\n\t\t\t<\/p>\n\t\t<\/div>\n\t\t<div class=\"col-12 col-md-6\">\n\t\t\t<p><label><br \/>\n2. CUIT*<br \/>\n<span class=\"wpcf7-form-control-wrap\" data-name=\"cuit\"><input class=\"wpcf7-form-control wpcf7-number wpcf7-validates-as-required wpcf7-validates-as-number\" aria-required=\"true\" aria-invalid=\"false\" value=\"\" type=\"number\" name=\"cuit\" \/><\/span><br \/>\n<\/label>\n\t\t\t<\/p>\n\t\t<\/div>\n\t\t<div class=\"col-12 col-md-6\">\n\t\t\t<p><label><br \/>\n3. Nombre y apellido de la persona que responde la autoevaluaci\u00f3n*<br \/>\n<span class=\"wpcf7-form-control-wrap\" data-name=\"nombre-persona\"><input size=\"40\" maxlength=\"400\" class=\"wpcf7-form-control wpcf7-text wpcf7-validates-as-required\" aria-required=\"true\" aria-invalid=\"false\" value=\"\" type=\"text\" name=\"nombre-persona\" \/><\/span><br \/>\n<\/label>\n\t\t\t<\/p>\n\t\t<\/div>\n\t\t<div class=\"col-12 col-md-6\">\n\t\t\t<p><label><br \/>\n4. Cargo en su organizaci\u00f3n*<br \/>\n<\/label><br \/>\n<span class=\"wpcf7-form-control-wrap\" data-name=\"cargo\"><span class=\"wpcf7-form-control wpcf7-radio\"><span class=\"wpcf7-list-item first\"><label><input type=\"radio\" name=\"cargo\" value=\"CEO \/ Due\u00f1o\" checked=\"checked\" \/><span class=\"wpcf7-list-item-label\">CEO \/ Due\u00f1o<\/span><\/label><\/span><span class=\"wpcf7-list-item\"><label><input type=\"radio\" name=\"cargo\" value=\"Director\" \/><span class=\"wpcf7-list-item-label\">Director<\/span><\/label><\/span><span class=\"wpcf7-list-item\"><label><input type=\"radio\" name=\"cargo\" value=\"Gerente\" \/><span class=\"wpcf7-list-item-label\">Gerente<\/span><\/label><\/span><span class=\"wpcf7-list-item\"><label><input type=\"radio\" name=\"cargo\" value=\"L\u00edder\" \/><span class=\"wpcf7-list-item-label\">L\u00edder<\/span><\/label><\/span><span class=\"wpcf7-list-item\"><label><input type=\"radio\" name=\"cargo\" value=\"Analista\" \/><span class=\"wpcf7-list-item-label\">Analista<\/span><\/label><\/span><span class=\"wpcf7-list-item last\"><label><input type=\"radio\" name=\"cargo\" value=\"Otras\" \/><span class=\"wpcf7-list-item-label\">Otras<\/span><\/label><\/span><\/span><\/span>\n\t\t\t<\/p>\n\t\t<\/div>\n\t\t<div class=\"col-12 col-md-6\">\n\t\t\t<p><label><br \/>\n5. Email*<br \/>\n<span class=\"wpcf7-form-control-wrap\" data-name=\"email\"><input size=\"40\" maxlength=\"400\" class=\"wpcf7-form-control wpcf7-email wpcf7-validates-as-required wpcf7-text wpcf7-validates-as-email\" aria-required=\"true\" aria-invalid=\"false\" value=\"\" type=\"email\" name=\"email\" \/><\/span><br \/>\n<\/label>\n\t\t\t<\/p>\n\t\t<\/div>\n\t\t<div class=\"col-12 col-md-6\">\n\t\t\t<p><label><br \/>\n6. Tel\u00e9fono*<br \/>\n<span class=\"wpcf7-form-control-wrap\" data-name=\"telefono\"><input size=\"40\" maxlength=\"400\" class=\"wpcf7-form-control wpcf7-tel wpcf7-validates-as-required wpcf7-text wpcf7-validates-as-tel\" aria-required=\"true\" aria-invalid=\"false\" value=\"\" type=\"tel\" name=\"telefono\" \/><\/span><br \/>\n<\/label>\n\t\t\t<\/p>\n\t\t<\/div>\n\t\t<div class=\"col-12 col-md-6\">\n\t\t\t<p><label><br \/>\n7. Relaci\u00f3n con Loma Negra - Fundaci\u00f3n Loma Negra - Ferrosur*<br \/>\n<\/label><br \/>\n<span class=\"wpcf7-form-control-wrap\" data-name=\"relacion-LN\"><span class=\"wpcf7-form-control wpcf7-checkbox wpcf7-validates-as-required\"><span class=\"wpcf7-list-item first\"><label><input type=\"checkbox\" name=\"relacion-LN[]\" value=\"Cliente\" \/><span class=\"wpcf7-list-item-label\">Cliente<\/span><\/label><\/span><span class=\"wpcf7-list-item\"><label><input type=\"checkbox\" name=\"relacion-LN[]\" value=\"Proveedor\" \/><span class=\"wpcf7-list-item-label\">Proveedor<\/span><\/label><\/span><span class=\"wpcf7-list-item\"><label><input type=\"checkbox\" name=\"relacion-LN[]\" value=\"Organizaci\u00f3n de la Sociedad Civil\" \/><span class=\"wpcf7-list-item-label\">Organizaci\u00f3n de la Sociedad Civil<\/span><\/label><\/span><span class=\"wpcf7-list-item last\"><label><input type=\"checkbox\" name=\"relacion-LN[]\" value=\"Otra\" \/><span class=\"wpcf7-list-item-label\">Otra<\/span><\/label><\/span><\/span><\/span>\n\t\t\t<\/p>\n\t\t<\/div>\n\t\t<div class=\"col-12 col-md-6\">\n\t\t\t<p><label><br \/>\n8. \u00bfConsideras importante que en la organizaci\u00f3n a la que representas se aborden los temas de sostenibilidad?*<br \/>\n<\/label>\n\t\t\t<\/p>\n\t\t\t<p><br \/>\nSe considera \"sostenibilidad\" como el desarrollo que satisface las necesidades del presente sin comprometer la capacidad de las futuras generaciones, garantizando el equilibrio entre el crecimiento econ\u00f3mico, el cuidado del medio ambiente y el bienestar social.\n\t\t\t<\/p>\n\t\t\t<p><span class=\"wpcf7-form-control-wrap\" data-name=\"importancia-sostenibilidad\"><span class=\"wpcf7-form-control wpcf7-radio\"><span class=\"wpcf7-list-item first\"><label><input type=\"radio\" name=\"importancia-sostenibilidad\" value=\"S\u00ed\" checked=\"checked\" \/><span class=\"wpcf7-list-item-label\">S\u00ed<\/span><\/label><\/span><span class=\"wpcf7-list-item last\"><label><input type=\"radio\" name=\"importancia-sostenibilidad\" value=\"No\" \/><span class=\"wpcf7-list-item-label\">No<\/span><\/label><\/span><\/span><\/span>\n\t\t\t<\/p>\n\t\t<\/div>\n\t<\/div>\n\t<p class=\"text-center\"><br \/>\n<input type=\"button\" value=\"Siguiente\" id=\"next-1\" \/>\n\t<\/p>\n<\/div>\n<!--END PASO 1-->\n\n<!--PASO 2-->\n<div id=\"step-ambiente\" class=\"form-step\">\n\t<div class=\"row\">\n\t\t<h3>Ambiente\n\t\t<\/h3>\n\t\t<p>Aqu\u00ed encontrar\u00e1n una serie de preguntas acerca de su organizaci\u00f3n y las acciones ambientales\n\t\t<\/p>\n\t\t<div class=\"col-12 col-md-6\">\n\t\t\t<p><label><br \/>\n9. \u00bfSu Organizaci\u00f3n realiza acciones relativas a la reducci\u00f3n del consumo el\u00e9ctrico?<br \/>\n<\/label><br \/>\n<span class=\"wpcf7-form-control-wrap\" data-name=\"consumo-electrico\"><span class=\"wpcf7-form-control wpcf7-radio\"><span class=\"wpcf7-list-item first\"><label><input type=\"radio\" name=\"consumo-electrico\" value=\"A - La organizaci\u00f3n no realiza acciones\" checked=\"checked\" \/><span class=\"wpcf7-list-item-label\">A - La organizaci\u00f3n no realiza acciones<\/span><\/label><\/span><span class=\"wpcf7-list-item\"><label><input type=\"radio\" name=\"consumo-electrico\" value=\"B - La organizaci\u00f3n realiza acciones espor\u00e1dicas\" \/><span class=\"wpcf7-list-item-label\">B - La organizaci\u00f3n realiza acciones espor\u00e1dicas<\/span><\/label><\/span><span class=\"wpcf7-list-item\"><label><input type=\"radio\" name=\"consumo-electrico\" value=\"C - La organizaci\u00f3n posee un plan de reducci\u00f3n del consumo el\u00e9ctrico\" \/><span class=\"wpcf7-list-item-label\">C - La organizaci\u00f3n posee un plan de reducci\u00f3n del consumo el\u00e9ctrico<\/span><\/label><\/span><span class=\"wpcf7-list-item last\"><label><input type=\"radio\" name=\"consumo-electrico\" value=\"D - La organizaci\u00f3n posee un programa de gesti\u00f3n ambiental en donde se contempla la reducci\u00f3n del consumo el\u00e9ctrico y lo supervisa la m\u00e1s alta autoridad\" \/><span class=\"wpcf7-list-item-label\">D - La organizaci\u00f3n posee un programa de gesti\u00f3n ambiental en donde se contempla la reducci\u00f3n del consumo el\u00e9ctrico y lo supervisa la m\u00e1s alta autoridad<\/span><\/label><\/span><\/span><\/span>\n\t\t\t<\/p>\n\t\t<\/div>\n\t\t<div class=\"col-12 col-md-6\">\n\t\t\t<p><label><br \/>\n10. \u00bfSu organizaci\u00f3n posee un programa de gesti\u00f3n ambiental?<\/label><br \/>\n<span class=\"wpcf7-form-control-wrap\" data-name=\"programa-gestion-ambiental\"><span class=\"wpcf7-form-control wpcf7-radio\"><span class=\"wpcf7-list-item first\"><label><input type=\"radio\" name=\"programa-gestion-ambiental\" value=\"A - No posee un programa de gesti\u00f3n ambiental\" checked=\"checked\" \/><span class=\"wpcf7-list-item-label\">A - No posee un programa de gesti\u00f3n ambiental<\/span><\/label><\/span><span class=\"wpcf7-list-item\"><label><input type=\"radio\" name=\"programa-gestion-ambiental\" value=\"B - La organizaci\u00f3n posee un programa de gesti\u00f3n ambiental respetando la normativa ambiental\" \/><span class=\"wpcf7-list-item-label\">B - La organizaci\u00f3n posee un programa de gesti\u00f3n ambiental respetando la normativa ambiental<\/span><\/label><\/span><span class=\"wpcf7-list-item\"><label><input type=\"radio\" name=\"programa-gestion-ambiental\" value=\"C - La organizaci\u00f3n posee un programa de gesti\u00f3n ambiental y posee certificaciones externas (ISO o similar)\" \/><span class=\"wpcf7-list-item-label\">C - La organizaci\u00f3n posee un programa de gesti\u00f3n ambiental y posee certificaciones externas (ISO o similar)<\/span><\/label><\/span><span class=\"wpcf7-list-item last\"><label><input type=\"radio\" name=\"programa-gestion-ambiental\" value=\"D - La organizaci\u00f3n posee un programa de gesti\u00f3n ambiental y posee certificaciones externas (ISO o similar) y lo supervisa la m\u00e1s alta autoridad\" \/><span class=\"wpcf7-list-item-label\">D - La organizaci\u00f3n posee un programa de gesti\u00f3n ambiental y posee certificaciones externas (ISO o similar) y lo supervisa la m\u00e1s alta autoridad<\/span><\/label><\/span><\/span><\/span>\n\t\t\t<\/p>\n\t\t<\/div>\n\t\t<div class=\"col-12 col-md-6\">\n\t\t\t<p><label><br \/>\n11. \u00bfSu Organizaci\u00f3n realiza acciones relativas a la reducci\u00f3n del consumo de agua?<br \/>\n<\/label><br \/>\n<span class=\"wpcf7-form-control-wrap\" data-name=\"consumo-agua\"><span class=\"wpcf7-form-control wpcf7-radio\"><span class=\"wpcf7-list-item first\"><label><input type=\"radio\" name=\"consumo-agua\" value=\"A - La organizaci\u00f3n no realiza acciones\" checked=\"checked\" \/><span class=\"wpcf7-list-item-label\">A - La organizaci\u00f3n no realiza acciones<\/span><\/label><\/span><span class=\"wpcf7-list-item\"><label><input type=\"radio\" name=\"consumo-agua\" value=\"B - La organizaci\u00f3n realiza acciones espor\u00e1dicas\" \/><span class=\"wpcf7-list-item-label\">B - La organizaci\u00f3n realiza acciones espor\u00e1dicas<\/span><\/label><\/span><span class=\"wpcf7-list-item\"><label><input type=\"radio\" name=\"consumo-agua\" value=\"C - La organizaci\u00f3n posee un plan de reducci\u00f3n del consumo de agua\" \/><span class=\"wpcf7-list-item-label\">C - La organizaci\u00f3n posee un plan de reducci\u00f3n del consumo de agua<\/span><\/label><\/span><span class=\"wpcf7-list-item last\"><label><input type=\"radio\" name=\"consumo-agua\" value=\"D - La organizaci\u00f3n posee un programa de gesti\u00f3n ambiental en donde se contempla la reducci\u00f3n del consumo de agua y lo supervisa la m\u00e1s alta autoridad\" \/><span class=\"wpcf7-list-item-label\">D - La organizaci\u00f3n posee un programa de gesti\u00f3n ambiental en donde se contempla la reducci\u00f3n del consumo de agua y lo supervisa la m\u00e1s alta autoridad<\/span><\/label><\/span><\/span><\/span>\n\t\t\t<\/p>\n\t\t<\/div>\n\t\t<div class=\"col-12 col-md-6\">\n\t\t\t<p><label><br \/>\n12. \u00bfSu Organizaci\u00f3n realiza acciones relativas a la reducci\u00f3n de residuos?<br \/>\n<\/label><br \/>\n<span class=\"wpcf7-form-control-wrap\" data-name=\"residuos\"><span class=\"wpcf7-form-control wpcf7-radio\"><span class=\"wpcf7-list-item first\"><label><input type=\"radio\" name=\"residuos\" value=\"A - La organizaci\u00f3n no realiza acciones\" checked=\"checked\" \/><span class=\"wpcf7-list-item-label\">A - La organizaci\u00f3n no realiza acciones<\/span><\/label><\/span><span class=\"wpcf7-list-item\"><label><input type=\"radio\" name=\"residuos\" value=\"B - La organizaci\u00f3n realiza acciones espor\u00e1dicas\" \/><span class=\"wpcf7-list-item-label\">B - La organizaci\u00f3n realiza acciones espor\u00e1dicas<\/span><\/label><\/span><span class=\"wpcf7-list-item\"><label><input type=\"radio\" name=\"residuos\" value=\"C - La organizaci\u00f3n posee un plan de reducci\u00f3n de residuos\" \/><span class=\"wpcf7-list-item-label\">C - La organizaci\u00f3n posee un plan de reducci\u00f3n de residuos<\/span><\/label><\/span><span class=\"wpcf7-list-item last\"><label><input type=\"radio\" name=\"residuos\" value=\"D - La organizaci\u00f3n posee un programa de gesti\u00f3n ambiental en donde se contempla la reducci\u00f3n de residuos y lo supervisa la m\u00e1s alta autoridad\" \/><span class=\"wpcf7-list-item-label\">D - La organizaci\u00f3n posee un programa de gesti\u00f3n ambiental en donde se contempla la reducci\u00f3n de residuos y lo supervisa la m\u00e1s alta autoridad<\/span><\/label><\/span><\/span><\/span>\n\t\t\t<\/p>\n\t\t<\/div>\n\t\t<div class=\"col-12 col-md-6\">\n\t\t\t<p><label><br \/>\n13. \u00bfSe ha realizado en su organizaci\u00f3n un an\u00e1lisis de los impactos ambientales de su actividad?<br \/>\n<\/label><br \/>\n<span class=\"wpcf7-form-control-wrap\" data-name=\"analisis-impacto\"><span class=\"wpcf7-form-control wpcf7-radio\"><span class=\"wpcf7-list-item first\"><label><input type=\"radio\" name=\"analisis-impacto\" value=\"A - No se dispone de una identificaci\u00f3n ni de una definici\u00f3n de temas relevantes relacionados con aspectos ambientales para la actividad de la organizaci\u00f3n\" checked=\"checked\" \/><span class=\"wpcf7-list-item-label\">A - No se dispone de una identificaci\u00f3n ni de una definici\u00f3n de temas relevantes relacionados con aspectos ambientales para la actividad de la organizaci\u00f3n<\/span><\/label><\/span><span class=\"wpcf7-list-item\"><label><input type=\"radio\" name=\"analisis-impacto\" value=\"B - Se ha llevado a cabo una identificaci\u00f3n de los temas relevantes para la organizaci\u00f3n y las \u00e1reas de influencia en temas ambientales\" \/><span class=\"wpcf7-list-item-label\">B - Se ha llevado a cabo una identificaci\u00f3n de los temas relevantes para la organizaci\u00f3n y las \u00e1reas de influencia en temas ambientales<\/span><\/label><\/span><span class=\"wpcf7-list-item\"><label><input type=\"radio\" name=\"analisis-impacto\" value=\"C - Adem\u00e1s de la identificaci\u00f3n de asuntos relevantes, la organizaci\u00f3n establece planes y objetivos para gestionar los asuntos relevantes identificados\" \/><span class=\"wpcf7-list-item-label\">C - Adem\u00e1s de la identificaci\u00f3n de asuntos relevantes, la organizaci\u00f3n establece planes y objetivos para gestionar los asuntos relevantes identificados<\/span><\/label><\/span><span class=\"wpcf7-list-item last\"><label><input type=\"radio\" name=\"analisis-impacto\" value=\"D - La gesti\u00f3n de los asuntos relevantes son una prioridad para la organizaci\u00f3n y lo supervisa la m\u00e1s alta autoridad\" \/><span class=\"wpcf7-list-item-label\">D - La gesti\u00f3n de los asuntos relevantes son una prioridad para la organizaci\u00f3n y lo supervisa la m\u00e1s alta autoridad<\/span><\/label><\/span><\/span><\/span>\n\t\t\t<\/p>\n\t\t<\/div>\n\t<\/div>\n\t<p class=\"text-center\"><br \/>\n<input type=\"button\" value=\"Anterior\" id=\"prev-2\" \/><input type=\"button\" value=\"Siguiente\" id=\"next-2\" \/>\n\t<\/p>\n<\/div>\n<!--END PASO 2-->\n\n<!--PASO 3-->\n<div id=\"step-social\" class=\"form-step\">\n\t<h3>Social\n\t<\/h3>\n\t<p>Aqu\u00ed encontrar\u00e1n una serie de preguntas acerca de su organizaci\u00f3n y las acciones sociales\n\t<\/p>\n\t<div class=\"row\">\n\t\t<div class=\"col-12 col-md-6\">\n\t\t\t<p><label><br \/>\n14. \u00bfEn que medida si Organizaci\u00f3n cumple con los aspectos laborales?<br \/>\n<\/label><br \/>\n<span class=\"wpcf7-form-control-wrap\" data-name=\"aspectos-laborales\"><span class=\"wpcf7-form-control wpcf7-radio\"><span class=\"wpcf7-list-item first\"><label><input type=\"radio\" name=\"aspectos-laborales\" value=\"A - La organizaci\u00f3n incumple o cumple parcialmente aspectos b\u00e1sicos de la ley laboral\" checked=\"checked\" \/><span class=\"wpcf7-list-item-label\">A - La organizaci\u00f3n incumple o cumple parcialmente aspectos b\u00e1sicos de la ley laboral<\/span><\/label><\/span><span class=\"wpcf7-list-item\"><label><input type=\"radio\" name=\"aspectos-laborales\" value=\"B - La organizaci\u00f3n cumple la regulaci\u00f3n en materia laboral (Estatuto de los trabajadores, Convenio colectivo), Seguridad y Salud, Protecci\u00f3n de datos, etc.\" \/><span class=\"wpcf7-list-item-label\">B - La organizaci\u00f3n cumple la regulaci\u00f3n en materia laboral (Estatuto de los trabajadores, Convenio colectivo), Seguridad y Salud, Protecci\u00f3n de datos, etc.<\/span><\/label><\/span><span class=\"wpcf7-list-item\"><label><input type=\"radio\" name=\"aspectos-laborales\" value=\"C - Adem\u00e1s del cumplimiento regulatorio, la empresa establece planes y objetivos para mejorar la gesti\u00f3n de las condiciones laborales (como plan de cero accidentes)\" \/><span class=\"wpcf7-list-item-label\">C - Adem\u00e1s del cumplimiento regulatorio, la empresa establece planes y objetivos para mejorar la gesti\u00f3n de las condiciones laborales (como plan de cero accidentes)<\/span><\/label><\/span><span class=\"wpcf7-list-item last\"><label><input type=\"radio\" name=\"aspectos-laborales\" value=\"D - Las cuestiones laborales y de desarrollo profesional forman parte de la estrategia de la organizaci\u00f3n y se supervisan por la m\u00e1xima autoridad de la organizaci\u00f3n.\" \/><span class=\"wpcf7-list-item-label\">D - Las cuestiones laborales y de desarrollo profesional forman parte de la estrategia de la organizaci\u00f3n y se supervisan por la m\u00e1xima autoridad de la organizaci\u00f3n.<\/span><\/label><\/span><\/span><\/span>\n\t\t\t<\/p>\n\t\t<\/div>\n\t\t<div class=\"col-12 col-md-6\">\n\t\t\t<p><label><br \/>\n15. \u00bfC\u00f3mo gestiona su organizaci\u00f3n los aspectos relacionados con la diversidad, inclusi\u00f3n y derechos humanos?<br \/>\n<\/label><br \/>\n<span class=\"wpcf7-form-control-wrap\" data-name=\"aspectos-diversidad\"><span class=\"wpcf7-form-control wpcf7-radio\"><span class=\"wpcf7-list-item first\"><label><input type=\"radio\" name=\"aspectos-diversidad\" value=\"A - La organizaci\u00f3n incumple o cumple parcialmente regulaci\u00f3n en materia de diversidad, inclusi\u00f3n, discriminaci\u00f3n o derechos humanos\" checked=\"checked\" \/><span class=\"wpcf7-list-item-label\">A - La organizaci\u00f3n incumple o cumple parcialmente regulaci\u00f3n en materia de diversidad, inclusi\u00f3n, discriminaci\u00f3n o derechos humanos<\/span><\/label><\/span><span class=\"wpcf7-list-item\"><label><input type=\"radio\" name=\"aspectos-diversidad\" value=\"B - La organizaci\u00f3n cumple la regulaci\u00f3n y normativa vigente en materia de diversidad e inclusi\u00f3n\" \/><span class=\"wpcf7-list-item-label\">B - La organizaci\u00f3n cumple la regulaci\u00f3n y normativa vigente en materia de diversidad e inclusi\u00f3n<\/span><\/label><\/span><span class=\"wpcf7-list-item\"><label><input type=\"radio\" name=\"aspectos-diversidad\" value=\"C - La organizaci\u00f3n establece pr\u00e1cticas y objetivos para mejorar la gesti\u00f3n de la diversidad e inclusi\u00f3n que van m\u00e1s all\u00e1 del cumplimiento regulatorio, estableciendo objetivos de integraci\u00f3n de colectivos vulnerables\" \/><span class=\"wpcf7-list-item-label\">C - La organizaci\u00f3n establece pr\u00e1cticas y objetivos para mejorar la gesti\u00f3n de la diversidad e inclusi\u00f3n que van m\u00e1s all\u00e1 del cumplimiento regulatorio, estableciendo objetivos de integraci\u00f3n de colectivos vulnerables<\/span><\/label><\/span><span class=\"wpcf7-list-item last\"><label><input type=\"radio\" name=\"aspectos-diversidad\" value=\"D - Los asuntos relacionados con diversidad, inclusi\u00f3n y derechos humanos forman parte de la estrategia de la organizaci\u00f3n y son supervisados por la m\u00e1s alta autoridad\" \/><span class=\"wpcf7-list-item-label\">D - Los asuntos relacionados con diversidad, inclusi\u00f3n y derechos humanos forman parte de la estrategia de la organizaci\u00f3n y son supervisados por la m\u00e1s alta autoridad<\/span><\/label><\/span><\/span><\/span>\n\t\t\t<\/p>\n\t\t<\/div>\n\t\t<div class=\"col-12 col-md-6\">\n\t\t\t<p><label><br \/>\n16. \u00bfEn qu\u00e9 grado los colaboradores internos participan, brindan soporte y se involucran en las distintas acciones de sociales con la comunidad local o en donde est\u00e1 inmersa?<br \/>\n<\/label><br \/>\n<span class=\"wpcf7-form-control-wrap\" data-name=\"acciones-sociales\"><span class=\"wpcf7-form-control wpcf7-radio\"><span class=\"wpcf7-list-item first\"><label><input type=\"radio\" name=\"acciones-sociales\" value=\"A - La organizaci\u00f3n no aborda temas sociales con sus colaboradores internos\" checked=\"checked\" \/><span class=\"wpcf7-list-item-label\">A - La organizaci\u00f3n no aborda temas sociales con sus colaboradores internos<\/span><\/label><\/span><span class=\"wpcf7-list-item\"><label><input type=\"radio\" name=\"acciones-sociales\" value=\"B - Los colaboradores internos est\u00e1n involucrados en temas relacionados a voluntarios u otras acciones comunitarias y sociales\" \/><span class=\"wpcf7-list-item-label\">B - Los colaboradores internos est\u00e1n involucrados en temas relacionados a voluntarios u otras acciones comunitarias y sociales<\/span><\/label><\/span><span class=\"wpcf7-list-item\"><label><input type=\"radio\" name=\"acciones-sociales\" value=\"C - La m\u00e1xima autoridad de la Organizaci\u00f3n impulsa iniciativas de acciones sociales con la comunidad local\" \/><span class=\"wpcf7-list-item-label\">C - La m\u00e1xima autoridad de la Organizaci\u00f3n impulsa iniciativas de acciones sociales con la comunidad local<\/span><\/label><\/span><span class=\"wpcf7-list-item last\"><label><input type=\"radio\" name=\"acciones-sociales\" value=\"D - La organizaci\u00f3n se comunica de manera amplia con sus colaboradores en temas de sostenibilidad, posee programas estructurados de inversi\u00f3n social e indicadores a largo plazo\" \/><span class=\"wpcf7-list-item-label\">D - La organizaci\u00f3n se comunica de manera amplia con sus colaboradores en temas de sostenibilidad, posee programas estructurados de inversi\u00f3n social e indicadores a largo plazo<\/span><\/label><\/span><\/span><\/span>\n\t\t\t<\/p>\n\t\t<\/div>\n\t\t<div class=\"col-12 col-md-6\">\n\t\t\t<p><label><br \/>\n17. \u00bfC\u00f3mo gestiona su organizaci\u00f3n los aspectos relacionados con la salud y seguridad en el trabajo de sus colaboradores?<br \/>\n<\/label><br \/>\n<span class=\"wpcf7-form-control-wrap\" data-name=\"aspectos-salud\"><span class=\"wpcf7-form-control wpcf7-radio\"><span class=\"wpcf7-list-item first\"><label><input type=\"radio\" name=\"aspectos-salud\" value=\"A - La organizaci\u00f3n incumple la normativa vigente en el cuidado de la salud y seguridad de sus colaboradores\" checked=\"checked\" \/><span class=\"wpcf7-list-item-label\">A - La organizaci\u00f3n incumple la normativa vigente en el cuidado de la salud y seguridad de sus colaboradores<\/span><\/label><\/span><span class=\"wpcf7-list-item\"><label><input type=\"radio\" name=\"aspectos-salud\" value=\"B - La organizaci\u00f3n cumple la normativa vigente en el cuidado de la salud y seguridad de sus colaboradores\" \/><span class=\"wpcf7-list-item-label\">B - La organizaci\u00f3n cumple la normativa vigente en el cuidado de la salud y seguridad de sus colaboradores<\/span><\/label><\/span><span class=\"wpcf7-list-item\"><label><input type=\"radio\" name=\"aspectos-salud\" value=\"C - La organizaci\u00f3n posee un sistema de gesti\u00f3n de la salud y la seguridad en el trabajo de sus colaboradores, evaluando riesgos e investigaci\u00f3n de accidentes\" \/><span class=\"wpcf7-list-item-label\">C - La organizaci\u00f3n posee un sistema de gesti\u00f3n de la salud y la seguridad en el trabajo de sus colaboradores, evaluando riesgos e investigaci\u00f3n de accidentes<\/span><\/label><\/span><span class=\"wpcf7-list-item last\"><label><input type=\"radio\" name=\"aspectos-salud\" value=\"D - La organizaci\u00f3n posee un sistema de gesti\u00f3n de la salud y la seguridad en el trabajo de sus colaboradores, evaluando riesgos e investigaci\u00f3n de accidentes y posee una certificaci\u00f3n externa en su sistema de gesti\u00f3n\" \/><span class=\"wpcf7-list-item-label\">D - La organizaci\u00f3n posee un sistema de gesti\u00f3n de la salud y la seguridad en el trabajo de sus colaboradores, evaluando riesgos e investigaci\u00f3n de accidentes y posee una certificaci\u00f3n externa en su sistema de gesti\u00f3n<\/span><\/label><\/span><\/span><\/span>\n\t\t\t<\/p>\n\t\t<\/div>\n\t\t<div class=\"col-12 col-md-6\">\n\t\t\t<p><label><br \/>\n18. \u00bfC\u00f3mo gestiona su organizaci\u00f3n los aspectos relacionados con la formaci\u00f3n de sus colaboradores?<br \/>\n<\/label><br \/>\n<span class=\"wpcf7-form-control-wrap\" data-name=\"aspectos-formacion\"><span class=\"wpcf7-form-control wpcf7-radio\"><span class=\"wpcf7-list-item first\"><label><input type=\"radio\" name=\"aspectos-formacion\" value=\"A - La organizaci\u00f3n no posee un programa de capacitaci\u00f3n para sus colaboradores\" checked=\"checked\" \/><span class=\"wpcf7-list-item-label\">A - La organizaci\u00f3n no posee un programa de capacitaci\u00f3n para sus colaboradores<\/span><\/label><\/span><span class=\"wpcf7-list-item\"><label><input type=\"radio\" name=\"aspectos-formacion\" value=\"B - La organizaci\u00f3n realiza capacitaciones espor\u00e1dicas a sus colaboradores\" \/><span class=\"wpcf7-list-item-label\">B - La organizaci\u00f3n realiza capacitaciones espor\u00e1dicas a sus colaboradores<\/span><\/label><\/span><span class=\"wpcf7-list-item\"><label><input type=\"radio\" name=\"aspectos-formacion\" value=\"C - La organizaci\u00f3n posee un programa de capacitaci\u00f3n para sus colaboradores destinado a mejorar sus aptitudes\" \/><span class=\"wpcf7-list-item-label\">C - La organizaci\u00f3n posee un programa de capacitaci\u00f3n para sus colaboradores destinado a mejorar sus aptitudes<\/span><\/label><\/span><span class=\"wpcf7-list-item last\"><label><input type=\"radio\" name=\"aspectos-formacion\" value=\"D - La organizaci\u00f3n posee un programa de capacitaci\u00f3n para sus colaboradores destinado a mejorar sus aptitudes y realiza evaluaciones peri\u00f3dicas de desempe\u00f1o\" \/><span class=\"wpcf7-list-item-label\">D - La organizaci\u00f3n posee un programa de capacitaci\u00f3n para sus colaboradores destinado a mejorar sus aptitudes y realiza evaluaciones peri\u00f3dicas de desempe\u00f1o<\/span><\/label><\/span><\/span><\/span>\n\t\t\t<\/p>\n\t\t<\/div>\n\t<\/div>\n\t<p class=\"text-center\"><br \/>\n<input type=\"button\" value=\"Anterior\" id=\"prev-3\" \/><input type=\"button\" value=\"Siguiente\" id=\"next-3\" \/>\n\t<\/p>\n<\/div>\n<!--END PASO 3-->\n\n<!--PASO 4-->\n<div id=\"step-gobierno\" class=\"form-step\">\n\t<h3>Gobierno Corporativo\n\t<\/h3>\n\t<p>Aqu\u00ed encontrar\u00e1n una serie de preguntas acerca de su organizaci\u00f3n y las acciones de Gobierno Corporativo\n\t<\/p>\n\t<div class=\"row\">\n\t\t<div class=\"col-12 col-md-6\">\n\t\t\t<p><label><br \/>\n19. \u00bfSu organizaci\u00f3n posee un C\u00f3digo de \u00c9tica\/Conducta aprobado?<br \/>\n<\/label><br \/>\n<span class=\"wpcf7-form-control-wrap\" data-name=\"codigo-etica\"><span class=\"wpcf7-form-control wpcf7-radio\"><span class=\"wpcf7-list-item first\"><label><input type=\"radio\" name=\"codigo-etica\" value=\"A - La organizaci\u00f3n no posee c\u00f3digo de \u00e9tica\" checked=\"checked\" \/><span class=\"wpcf7-list-item-label\">A - La organizaci\u00f3n no posee c\u00f3digo de \u00e9tica<\/span><\/label><\/span><span class=\"wpcf7-list-item\"><label><input type=\"radio\" name=\"codigo-etica\" value=\"B - La organizaci\u00f3n se en un proceso de elaboraci\u00f3n de su c\u00f3digo de \u00e9tica\" \/><span class=\"wpcf7-list-item-label\">B - La organizaci\u00f3n se en un proceso de elaboraci\u00f3n de su c\u00f3digo de \u00e9tica<\/span><\/label><\/span><span class=\"wpcf7-list-item\"><label><input type=\"radio\" name=\"codigo-etica\" value=\"C - La organizaci\u00f3n cuenta con un c\u00f3digo de \u00e9tica no aprobado por la m\u00e1s alta autoridad\" \/><span class=\"wpcf7-list-item-label\">C - La organizaci\u00f3n cuenta con un c\u00f3digo de \u00e9tica no aprobado por la m\u00e1s alta autoridad<\/span><\/label><\/span><span class=\"wpcf7-list-item last\"><label><input type=\"radio\" name=\"codigo-etica\" value=\"D - La organizaci\u00f3n cuenta con un c\u00f3digo de \u00e9tica aprobado por la m\u00e1s alta autoridad.\" \/><span class=\"wpcf7-list-item-label\">D - La organizaci\u00f3n cuenta con un c\u00f3digo de \u00e9tica aprobado por la m\u00e1s alta autoridad.<\/span><\/label><\/span><\/span><\/span>\n\t\t\t<\/p>\n\t\t<\/div>\n\t\t<div class=\"col-12 col-md-6\">\n\t\t\t<p><label><br \/>\n20. \u00bfTiene la organizaci\u00f3n un mecanismo de reporte como un canal de denuncia o l\u00ednea \u00e9tica?<br \/>\n<\/label><br \/>\n<span class=\"wpcf7-form-control-wrap\" data-name=\"linea-etica\"><span class=\"wpcf7-form-control wpcf7-radio\"><span class=\"wpcf7-list-item first\"><label><input type=\"radio\" name=\"linea-etica\" value=\"A - En la organizaci\u00f3n no existe un canal de denuncias ni l\u00ednea de \u00e9tica\" checked=\"checked\" \/><span class=\"wpcf7-list-item-label\">A - En la organizaci\u00f3n no existe un canal de denuncias ni l\u00ednea de \u00e9tica<\/span><\/label><\/span><span class=\"wpcf7-list-item\"><label><input type=\"radio\" name=\"linea-etica\" value=\"B - La organizaci\u00f3n se encuentra en proceso de realizaci\u00f3n y se est\u00e1 desarrollando un protocolo de gesti\u00f3n\" \/><span class=\"wpcf7-list-item-label\">B - La organizaci\u00f3n se encuentra en proceso de realizaci\u00f3n y se est\u00e1 desarrollando un protocolo de gesti\u00f3n<\/span><\/label><\/span><span class=\"wpcf7-list-item\"><label><input type=\"radio\" name=\"linea-etica\" value=\"C - Existe un canal interno de denuncias, el cual es manejado por personal de la organizaci\u00f3n\" \/><span class=\"wpcf7-list-item-label\">C - Existe un canal interno de denuncias, el cual es manejado por personal de la organizaci\u00f3n<\/span><\/label><\/span><span class=\"wpcf7-list-item last\"><label><input type=\"radio\" name=\"linea-etica\" value=\"D - Existe un canal de denuncias o l\u00ednea de \u00e9tica administrado por una entidad externa y un protocolo de gesti\u00f3n de las mismas. Se garantiza la confidencialidad de todos los comunicados que se realicen\" \/><span class=\"wpcf7-list-item-label\">D - Existe un canal de denuncias o l\u00ednea de \u00e9tica administrado por una entidad externa y un protocolo de gesti\u00f3n de las mismas. Se garantiza la confidencialidad de todos los comunicados que se realicen<\/span><\/label><\/span><\/span><\/span>\n\t\t\t<\/p>\n\t\t<\/div>\n\t\t<div class=\"col-12 col-md-6\">\n\t\t\t<p><label><br \/>\n21. \u00bfLa organizaci\u00f3n tiene una \u00e1rea o encargado de Cumplimiento\/Compliance\/\u00c9tica?<br \/>\n<\/label><br \/>\n<span class=\"wpcf7-form-control-wrap\" data-name=\"encargado-compliance\"><span class=\"wpcf7-form-control wpcf7-radio\"><span class=\"wpcf7-list-item first\"><label><input type=\"radio\" name=\"encargado-compliance\" value=\"A - La organizaci\u00f3n no cuenta ni con un \u00e1rea ni encargado de Cumplimiento o de Compliance\" checked=\"checked\" \/><span class=\"wpcf7-list-item-label\">A - La organizaci\u00f3n no cuenta ni con un \u00e1rea ni encargado de Cumplimiento o de Compliance<\/span><\/label><\/span><span class=\"wpcf7-list-item\"><label><input type=\"radio\" name=\"encargado-compliance\" value=\"B - En la organizaci\u00f3n se est\u00e1 diagramando el \u00e1rea y\/o definiendo el responsable\" \/><span class=\"wpcf7-list-item-label\">B - En la organizaci\u00f3n se est\u00e1 diagramando el \u00e1rea y\/o definiendo el responsable<\/span><\/label><\/span><span class=\"wpcf7-list-item\"><label><input type=\"radio\" name=\"encargado-compliance\" value=\"C - La organizaci\u00f3n cuenta con una persona que se encarga de dichas cuestiones\" \/><span class=\"wpcf7-list-item-label\">C - La organizaci\u00f3n cuenta con una persona que se encarga de dichas cuestiones<\/span><\/label><\/span><span class=\"wpcf7-list-item last\"><label><input type=\"radio\" name=\"encargado-compliance\" value=\"D - La organizaci\u00f3n cuenta con un \u00e1rea espec\u00edfica, encargada de la gesti\u00f3n de un programa de Compliance\" \/><span class=\"wpcf7-list-item-label\">D - La organizaci\u00f3n cuenta con un \u00e1rea espec\u00edfica, encargada de la gesti\u00f3n de un programa de Compliance<\/span><\/label><\/span><\/span><\/span>\n\t\t\t<\/p>\n\t\t<\/div>\n\t\t<div class=\"col-12 col-md-6\">\n\t\t\t<p><label><br \/>\n22. \u00bfRealizan acciones de debida diligencia previo a la contrataci\u00f3n de terceras partes?<br \/>\n<\/label><br \/>\n<span class=\"wpcf7-form-control-wrap\" data-name=\"debida-diligencia\"><span class=\"wpcf7-form-control wpcf7-radio\"><span class=\"wpcf7-list-item first\"><label><input type=\"radio\" name=\"debida-diligencia\" value=\"A - En la organizaci\u00f3n no existe un proceso de debida diligencia para conocer a los terceros con los que interact\u00faa\" checked=\"checked\" \/><span class=\"wpcf7-list-item-label\">A - En la organizaci\u00f3n no existe un proceso de debida diligencia para conocer a los terceros con los que interact\u00faa<\/span><\/label><\/span><span class=\"wpcf7-list-item\"><label><input type=\"radio\" name=\"debida-diligencia\" value=\"B - La Organizaci\u00f3n se encuentra en elaboraci\u00f3n de un proceso de debida diligencia\" \/><span class=\"wpcf7-list-item-label\">B - La Organizaci\u00f3n se encuentra en elaboraci\u00f3n de un proceso de debida diligencia<\/span><\/label><\/span><span class=\"wpcf7-list-item\"><label><input type=\"radio\" name=\"debida-diligencia\" value=\"C - La organizaci\u00f3n realiza acciones de debida diligencia pero en forma posterior a la contrataci\u00f3n de un tercero\" \/><span class=\"wpcf7-list-item-label\">C - La organizaci\u00f3n realiza acciones de debida diligencia pero en forma posterior a la contrataci\u00f3n de un tercero<\/span><\/label><\/span><span class=\"wpcf7-list-item last\"><label><input type=\"radio\" name=\"debida-diligencia\" value=\"D - La organizaci\u00f3n realiza un proceso de debida diligencia en forman anterior a la contrataci\u00f3n de un tercero\" \/><span class=\"wpcf7-list-item-label\">D - La organizaci\u00f3n realiza un proceso de debida diligencia en forman anterior a la contrataci\u00f3n de un tercero<\/span><\/label><\/span><\/span><\/span>\n\t\t\t<\/p>\n\t\t<\/div>\n\t\t<div class=\"col-12 col-md-6\">\n\t\t\t<p><label><br \/>\n23. \u00bfLa organizaci\u00f3n realiz\u00f3 una evaluaci\u00f3n de sus riesgos particulares (fraude, corrupci\u00f3n, soborno, lavado de activos, etc.)?<br \/>\n<\/label><br \/>\n<span class=\"wpcf7-form-control-wrap\" data-name=\"evaluacion-riesgos\"><span class=\"wpcf7-form-control wpcf7-radio\"><span class=\"wpcf7-list-item first\"><label><input type=\"radio\" name=\"evaluacion-riesgos\" value=\"A - En la organizaci\u00f3n no se ha realizado una evaluaci\u00f3n de riesgos\" checked=\"checked\" \/><span class=\"wpcf7-list-item-label\">A - En la organizaci\u00f3n no se ha realizado una evaluaci\u00f3n de riesgos<\/span><\/label><\/span><span class=\"wpcf7-list-item\"><label><input type=\"radio\" name=\"evaluacion-riesgos\" value=\"B - La organizaci\u00f3n se encuentra en proceso de realizaci\u00f3n de una evaluaci\u00f3n de riesgos\" \/><span class=\"wpcf7-list-item-label\">B - La organizaci\u00f3n se encuentra en proceso de realizaci\u00f3n de una evaluaci\u00f3n de riesgos<\/span><\/label><\/span><span class=\"wpcf7-list-item\"><label><input type=\"radio\" name=\"evaluacion-riesgos\" value=\"C - La organizaci\u00f3n cuenta con una evaluaci\u00f3n de riesgos pero la misma est\u00e1 incompleta\" \/><span class=\"wpcf7-list-item-label\">C - La organizaci\u00f3n cuenta con una evaluaci\u00f3n de riesgos pero la misma est\u00e1 incompleta<\/span><\/label><\/span><span class=\"wpcf7-list-item last\"><label><input type=\"radio\" name=\"evaluacion-riesgos\" value=\"D - La organizaci\u00f3n cuenta con una evaluaci\u00f3n de riesgos, mediante la cual se establecieron los posibles riesgos que tiene la Compa\u00f1\u00eda al interactuar con distintos terceros\" \/><span class=\"wpcf7-list-item-label\">D - La organizaci\u00f3n cuenta con una evaluaci\u00f3n de riesgos, mediante la cual se establecieron los posibles riesgos que tiene la Compa\u00f1\u00eda al interactuar con distintos terceros<\/span><\/label><\/span><\/span><\/span>\n\t\t\t<\/p>\n\t\t<\/div>\n\t<\/div>\n\t<p class=\"text-center\"><br \/>\n<input type=\"button\" value=\"Anterior\" id=\"prev-4\" \/><input class=\"wpcf7-form-control wpcf7-submit has-spinner\" type=\"submit\" value=\"Enviar\" \/>\n\t<\/p>\n<\/div>\n<!--END PASO 4--><input type='hidden' class='wpcf7-pum' value='{\"closepopup\":false,\"closedelay\":0,\"openpopup\":false,\"openpopup_id\":0}' \/><div class=\"wpcf7-response-output\" aria-hidden=\"true\"><\/div>\n<\/form>\n<\/div>\n<\/p>","protected":false},"excerpt":{"rendered":"","protected":false},"author":6,"featured_media":0,"parent":0,"menu_order":0,"comment_status":"closed","ping_status":"closed","template":"page-impulsa-tu-sostenibilidad.php","meta":{"_joinchat":[],"footnotes":""},"class_list":["post-8667","page","type-page","status-publish","hentry"],"acf":[],"yoast_head":"<!-- This site is optimized with the Yoast SEO plugin v25.3.1 - https:\/\/yoast.com\/wordpress\/plugins\/seo\/ -->\n<title>Programa Impulsar - Loma Negra<\/title>\n<meta name=\"robots\" content=\"index, follow, max-snippet:-1, max-image-preview:large, max-video-preview:-1\" \/>\n<link rel=\"canonical\" href=\"https:\/\/www.lomanegra.com\/programa-impulsar\/\" \/>\n<meta property=\"og:locale\" content=\"en_US\" \/>\n<meta property=\"og:type\" content=\"article\" \/>\n<meta property=\"og:title\" content=\"Programa Impulsar - Loma Negra\" \/>\n<meta property=\"og:url\" content=\"https:\/\/www.lomanegra.com\/programa-impulsar\/\" \/>\n<meta property=\"og:site_name\" content=\"Loma Negra\" \/>\n<meta property=\"article:modified_time\" content=\"2024-05-07T21:20:14+00:00\" \/>\n<meta name=\"twitter:card\" content=\"summary_large_image\" \/>\n<meta name=\"twitter:label1\" content=\"Est. reading time\" \/>\n\t<meta name=\"twitter:data1\" content=\"1 minute\" \/>\n<script type=\"application\/ld+json\" class=\"yoast-schema-graph\">{\"@context\":\"https:\/\/schema.org\",\"@graph\":[{\"@type\":\"WebPage\",\"@id\":\"https:\/\/www.lomanegra.com\/programa-impulsar\/\",\"url\":\"https:\/\/www.lomanegra.com\/programa-impulsar\/\",\"name\":\"Programa Impulsar - Loma Negra\",\"isPartOf\":{\"@id\":\"https:\/\/www.lomanegra.com\/en\/#website\"},\"datePublished\":\"2023-12-13T15:15:51+00:00\",\"dateModified\":\"2024-05-07T21:20:14+00:00\",\"breadcrumb\":{\"@id\":\"https:\/\/www.lomanegra.com\/programa-impulsar\/#breadcrumb\"},\"inLanguage\":\"en-US\",\"potentialAction\":[{\"@type\":\"ReadAction\",\"target\":[\"https:\/\/www.lomanegra.com\/programa-impulsar\/\"]}]},{\"@type\":\"BreadcrumbList\",\"@id\":\"https:\/\/www.lomanegra.com\/programa-impulsar\/#breadcrumb\",\"itemListElement\":[{\"@type\":\"ListItem\",\"position\":1,\"name\":\"Inicio\",\"item\":\"https:\/\/www.lomanegra.com\/\"},{\"@type\":\"ListItem\",\"position\":2,\"name\":\"Programa Impulsar\"}]},{\"@type\":\"WebSite\",\"@id\":\"https:\/\/www.lomanegra.com\/en\/#website\",\"url\":\"https:\/\/www.lomanegra.com\/en\/\",\"name\":\"Loma Negra\",\"description\":\"Construyendo alianzas sustentables\",\"publisher\":{\"@id\":\"https:\/\/www.lomanegra.com\/en\/#organization\"},\"potentialAction\":[{\"@type\":\"SearchAction\",\"target\":{\"@type\":\"EntryPoint\",\"urlTemplate\":\"https:\/\/www.lomanegra.com\/en\/?s={search_term_string}\"},\"query-input\":{\"@type\":\"PropertyValueSpecification\",\"valueRequired\":true,\"valueName\":\"search_term_string\"}}],\"inLanguage\":\"en-US\"},{\"@type\":\"Organization\",\"@id\":\"https:\/\/www.lomanegra.com\/en\/#organization\",\"name\":\"Loma Negra\",\"url\":\"https:\/\/www.lomanegra.com\/en\/\",\"logo\":{\"@type\":\"ImageObject\",\"inLanguage\":\"en-US\",\"@id\":\"https:\/\/www.lomanegra.com\/en\/#\/schema\/logo\/image\/\",\"url\":\"https:\/\/www.lomanegra.com\/wp-content\/uploads\/2017\/09\/logo-loma-negra.png\",\"contentUrl\":\"https:\/\/www.lomanegra.com\/wp-content\/uploads\/2017\/09\/logo-loma-negra.png\",\"width\":271,\"height\":99,\"caption\":\"Loma Negra\"},\"image\":{\"@id\":\"https:\/\/www.lomanegra.com\/en\/#\/schema\/logo\/image\/\"}}]}<\/script>\n<!-- \/ Yoast SEO plugin. -->","yoast_head_json":{"title":"Programa Impulsar - Loma Negra","robots":{"index":"index","follow":"follow","max-snippet":"max-snippet:-1","max-image-preview":"max-image-preview:large","max-video-preview":"max-video-preview:-1"},"canonical":"https:\/\/www.lomanegra.com\/programa-impulsar\/","og_locale":"en_US","og_type":"article","og_title":"Programa Impulsar - Loma Negra","og_url":"https:\/\/www.lomanegra.com\/programa-impulsar\/","og_site_name":"Loma Negra","article_modified_time":"2024-05-07T21:20:14+00:00","twitter_card":"summary_large_image","twitter_misc":{"Est. reading time":"1 minute"},"schema":{"@context":"https:\/\/schema.org","@graph":[{"@type":"WebPage","@id":"https:\/\/www.lomanegra.com\/programa-impulsar\/","url":"https:\/\/www.lomanegra.com\/programa-impulsar\/","name":"Programa Impulsar - Loma Negra","isPartOf":{"@id":"https:\/\/www.lomanegra.com\/en\/#website"},"datePublished":"2023-12-13T15:15:51+00:00","dateModified":"2024-05-07T21:20:14+00:00","breadcrumb":{"@id":"https:\/\/www.lomanegra.com\/programa-impulsar\/#breadcrumb"},"inLanguage":"en-US","potentialAction":[{"@type":"ReadAction","target":["https:\/\/www.lomanegra.com\/programa-impulsar\/"]}]},{"@type":"BreadcrumbList","@id":"https:\/\/www.lomanegra.com\/programa-impulsar\/#breadcrumb","itemListElement":[{"@type":"ListItem","position":1,"name":"Inicio","item":"https:\/\/www.lomanegra.com\/"},{"@type":"ListItem","position":2,"name":"Programa Impulsar"}]},{"@type":"WebSite","@id":"https:\/\/www.lomanegra.com\/en\/#website","url":"https:\/\/www.lomanegra.com\/en\/","name":"Loma Negra","description":"Construyendo alianzas sustentables","publisher":{"@id":"https:\/\/www.lomanegra.com\/en\/#organization"},"potentialAction":[{"@type":"SearchAction","target":{"@type":"EntryPoint","urlTemplate":"https:\/\/www.lomanegra.com\/en\/?s={search_term_string}"},"query-input":{"@type":"PropertyValueSpecification","valueRequired":true,"valueName":"search_term_string"}}],"inLanguage":"en-US"},{"@type":"Organization","@id":"https:\/\/www.lomanegra.com\/en\/#organization","name":"Loma Negra","url":"https:\/\/www.lomanegra.com\/en\/","logo":{"@type":"ImageObject","inLanguage":"en-US","@id":"https:\/\/www.lomanegra.com\/en\/#\/schema\/logo\/image\/","url":"https:\/\/www.lomanegra.com\/wp-content\/uploads\/2017\/09\/logo-loma-negra.png","contentUrl":"https:\/\/www.lomanegra.com\/wp-content\/uploads\/2017\/09\/logo-loma-negra.png","width":271,"height":99,"caption":"Loma Negra"},"image":{"@id":"https:\/\/www.lomanegra.com\/en\/#\/schema\/logo\/image\/"}}]}},"_links":{"self":[{"href":"https:\/\/www.lomanegra.com\/en\/wp-json\/wp\/v2\/pages\/8667","targetHints":{"allow":["GET"]}}],"collection":[{"href":"https:\/\/www.lomanegra.com\/en\/wp-json\/wp\/v2\/pages"}],"about":[{"href":"https:\/\/www.lomanegra.com\/en\/wp-json\/wp\/v2\/types\/page"}],"author":[{"embeddable":true,"href":"https:\/\/www.lomanegra.com\/en\/wp-json\/wp\/v2\/users\/6"}],"replies":[{"embeddable":true,"href":"https:\/\/www.lomanegra.com\/en\/wp-json\/wp\/v2\/comments?post=8667"}],"version-history":[{"count":0,"href":"https:\/\/www.lomanegra.com\/en\/wp-json\/wp\/v2\/pages\/8667\/revisions"}],"wp:attachment":[{"href":"https:\/\/www.lomanegra.com\/en\/wp-json\/wp\/v2\/media?parent=8667"}],"curies":[{"name":"wp","href":"https:\/\/api.w.org\/{rel}","templated":true}]}}